{"id":7092,"date":"2024-12-03T18:52:09","date_gmt":"2024-12-03T18:52:09","guid":{"rendered":"https:\/\/neuroforma.com.br\/novo\/?page_id=7092"},"modified":"2024-12-03T18:58:16","modified_gmt":"2024-12-03T18:58:16","slug":"neuro-blog","status":"publish","type":"page","link":"https:\/\/neuroforma.com.br\/novo\/neuro-blog\/","title":{"rendered":"Neuro Blog"},"content":{"rendered":"<style id=\"sp_pcp_dynamic_style7091\">#pcp_wrapper-7091:not(.sps-glossary-layout) .sp-pcp-row,#pcp_wrapper-7091 .sps-glossary-items-group .sps-glossary-items-content {margin-right: -10px;margin-left: -10px;}#pcp_wrapper-7091 .sp-pcp-row [class*='sp-pcp-col-']{padding-right: 10px;padding-left: 10px; padding-bottom:20px;}.pcp-wrapper-7091 .sp-pcp-title a {color: #111;display: inherit;} .pcp-wrapper-7091 .sp-pcp-title a:hover {color: #e1624b;}.pcp-wrapper-7091 .sp-pcp-post-content{color: #444; }#pcp_wrapper-7091 .sp-pcp-post {padding: 0 0 0 0;}#pcp_wrapper-7091.sp-slider_layout .sp-pcp-post .sp-pcp-post-details {top: 0; right:0; bottom:0; left:0;}#pcp_wrapper-7091 .sp-pcp-post {border: 0px solid #e2e2e2; border-radius: 0px }#pcp_wrapper-7091 .sp-pcp-post{background-color: transparent;}#pcp_wrapper-7091 .pcp-post-thumb-wrapper{border: 0px solid #dddddd;border-radius:0px;}.pcp-wrapper-7091 .sp-pcp-post-meta li,.pcp-wrapper-7091 .sp-pcp-post-meta ul,.pcp-wrapper-7091 .sp-pcp-post-meta li a{color: #888;}.pcp-wrapper-7091 .sp-pcp-post-meta li a:hover{color: #e1624b;}#pcp_wrapper-7091 .pcp-readmore-link{ background: transparent; color: #111; border: 1px solid #888; border-radius: 0px; } #pcp_wrapper-7091 .pcp-readmore-link:hover { background-color: #e1624b; color: #fff; border-color: #e1624b; }#pcp_wrapper-7091 .pcp-post-pagination .page-numbers.current, #pcp_wrapper-7091 .pcp-post-pagination a.active , #pcp_wrapper-7091 .pcp-post-pagination a:hover{ color: #ffffff; background: #e1624b; border-color: #e1624b; }#pcp_wrapper-7091 .pcp-post-pagination .page-numbers, .pcp-post-pagination a{ background: #ffffff; color:#5e5e5e; border: 2px solid #bbbbbb;border-radius: 2px; }#pcp_wrapper-7091 .pcp-post-pagination{text-align: left;}@media (min-width: 1200px) {.sp-pcp-row .sp-pcp-col-xl-1 {flex: 0 0 100%;}.sp-pcp-row .sp-pcp-col-xl-2 {flex: 1 1 calc( 50% - 20px);}.sp-pcp-row .sp-pcp-col-xl-3 {flex: 1 1 calc( 33.333% - 20px);}.sp-pcp-row .sp-pcp-col-xl-4 {flex: 1 1 calc( 25% - 20px);}.sp-pcp-row .sp-pcp-col-xl-5 { flex: 1 1 calc( 20% - 20px);}.sp-pcp-row .sp-pcp-col-xl-6 {flex: 1 1 calc( 16.66666666666667% - 20px);}.sp-pcp-row .sp-pcp-col-xl-7 {flex: 1 1 calc( 14.28571428% - 20px);}.sp-pcp-row .sp-pcp-col-xl-8 {flex: 1 1 calc( 12.5% - 20px);}}@media (max-width: 1200px) {.sp-pcp-row .sp-pcp-col-lg-1 {flex: 0 0 100%;}.sp-pcp-row .sp-pcp-col-lg-2 {flex: 1 1 calc( 50% - 20px);}.sp-pcp-row .sp-pcp-col-lg-3 {flex: 1 1 calc( 33.333% - 20px);}.sp-pcp-row .sp-pcp-col-lg-4 {flex: 1 1 calc( 25% - 20px);}.sp-pcp-row .sp-pcp-col-lg-5 { flex: 1 1 calc( 20% - 20px);}.sp-pcp-row .sp-pcp-col-lg-6 {flex: 1 1 calc( 16.66666666666667% - 20px);}.sp-pcp-row .sp-pcp-col-lg-7 {flex: 1 1 calc( 14.28571428% - 20px);}.sp-pcp-row .sp-pcp-col-lg-8 {flex: 1 1 calc( 12.5% - 20px);}}@media (max-width: 992px) {.sp-pcp-row .sp-pcp-col-md-1 {flex: 0 0 100%;}.sp-pcp-row .sp-pcp-col-md-2 {flex: 1 1 calc( 50% - 20px);}.sp-pcp-row .sp-pcp-col-md-2-5 {flex: 0 0 75%;}.sp-pcp-row .sp-pcp-col-md-3 {flex: 1 1 calc( 33.333% - 20px);}.sp-pcp-row .sp-pcp-col-md-4 {flex: 1 1 calc( 25% - 20px);}.sp-pcp-row .sp-pcp-col-md-5 { flex: 1 1 calc( 20% - 20px);}.sp-pcp-row .sp-pcp-col-md-6 {flex: 1 1 calc( 16.66666666666667% - 20px);}.sp-pcp-row .sp-pcp-col-md-7 {flex: 1 1 calc( 14.28571428% - 20px);}.sp-pcp-row .sp-pcp-col-md-8 {flex: 1 1 calc( 12.5% - 20px);}}@media (max-width: 768px) {.sp-pcp-row .sp-pcp-col-sm-1 {flex: 0 0 100%;}.sp-pcp-row .sp-pcp-col-sm-2 {flex: 1 1 calc( 50% - 20px);}.sp-pcp-row .sp-pcp-col-sm-2-5 {flex: 0 0 75%;}.sp-pcp-row .sp-pcp-col-sm-3 {flex: 1 1 calc( 33.333% - 20px);}.sp-pcp-row .sp-pcp-col-sm-4 {flex: 1 1 calc( 25% - 20px);}.sp-pcp-row .sp-pcp-col-sm-5 { flex: 1 1 calc( 20% - 20px);}.sp-pcp-row .sp-pcp-col-sm-6 {flex: 1 1 calc( 16.66666666666667% - 20px);}.sp-pcp-row .sp-pcp-col-sm-7 {flex: 1 1 calc( 14.28571428% - 20px);}.sp-pcp-row .sp-pcp-col-sm-8 {flex: 1 1 calc( 12.5% - 20px);}}@media (max-width: 420px) {.sp-pcp-row .sp-pcp-col-xs-1 {flex: 0 0 100%;}.sp-pcp-row .sp-pcp-col-xs-2 {flex: 1 1 calc( 50% - 20px);}.sp-pcp-row .sp-pcp-col-xs-3 {flex: 1 1 calc( 33.333% - 20px);}.sp-pcp-row .sp-pcp-col-xs-4 {flex: 1 1 calc( 25% - 20px);}.sp-pcp-row .sp-pcp-col-xs-5 { flex: 1 1 calc( 20% - 20px);}.sp-pcp-row .sp-pcp-col-xs-6 {flex: 1 1 calc( 16.66666666666667% - 20px);}.sp-pcp-row .sp-pcp-col-xs-7 {flex: 1 1 calc( 14.28571428% - 20px);}.sp-pcp-row .sp-pcp-col-xs-8 {flex: 1 1 calc( 12.5% - 20px);}}<\/style>\n<div id=\"pcp_wrapper-7091\" class=\"sp-pcp-section sp-pcp-container pcp-wrapper-7091\">\n\t<div class=\"sp-pcp-row\">\n\t\t\t\t<div class=\" sp-pcp-col-xs-1 sp-pcp-col-sm-1 sp-pcp-col-md-2 sp-pcp-col-lg-2 sp-pcp-col-xl-2\">\n\t\t\t<div class=\"sp-pcp-post default pcp-item-7594\" data-id=\"7594\">\n\t\t\t\t\t\t\t\t<div class=\"pcp-post-thumb-wrapper\">\n\t\t\t\t\t<div class=\"sp-pcp-post-thumb-area\">\n\t\t\t\t\t\t\t\t\t\t\t\t<a class=\"sp-pcp-thumb\" href=\"https:\/\/neuroforma.com.br\/novo\/tocar-um-instrumento-ajuda-a-manter-o-cerebro-afiado-no-envelhecimento-diz-estudo\/\" target=\"_self\" >\n\t\t\t\t\t\t\t\t\t\t\t\t\t<img loading=\"lazy\" decoding=\"async\" src=\"https:\/\/neuroforma.com.br\/novo\/wp-content\/uploads\/2026\/08\/chamada-2-e1787743365306.png\" width=\"1160\" height=\"727\" alt=\"\">\n\t\t\t\t\t\t<\/a>\n\t\t\t\t\t<\/div>\n\t\t\t\t<\/div>\n\t\t\t\t\t\t\t\t<div class=\"sp-pcp-post-details\">\n\t\t\t\t\t<div class=\"sp-pcp-post-details-content\">\n\t\t\t\t\t\t\t\t<h2 class=\"sp-pcp-title\">\n\t\t\t\t\t\t\t\t\t<a href=\"https:\/\/neuroforma.com.br\/novo\/tocar-um-instrumento-ajuda-a-manter-o-cerebro-afiado-no-envelhecimento-diz-estudo\/\"  target=\"_self\">Tocar um instrumento ajuda a manter o c\u00e9rebro afiado no envelhecimento, diz estudo<\/a>\t\t\t\t\t\t\t<\/h2>\n\t\t\t\t\t\t<div class=\"sp-pcp-post-meta\">\n\t\t\t<ul><li>\t\t\t\t\t<i class=\"fa fa-user\"><\/i>\n\t\t\t\t\t<a href=\"https:\/\/neuroforma.com.br\/novo\/author\/admin\/\"\n\t\t\t\t\t\trel=\"author\">admin<\/a>\n\t\t\t\t\t<\/li> <li>\t\t\t\t\t<i class=\"fa fa-calendar\"><\/i>\n\t\t\t\t\t<time class=\"entry-date published updated\">agosto 26, 2026<\/time>\n\t\t\t\t\t<\/li><\/ul>\t\t<\/div>\n\t\t\t\t\t<div class=\"sp-pcp-post-content\">\n\t\t\t<p>Estudo publicado na revista PLOS Biology apontou que tocar um instrumento por muitos anos pode ajudar adultos idosos a compreender melhor a conversa em locais barulhentos. A habilidade, portanto, seria um meio de combater uma consequ\u00eancia comum do envelhecimento: o decl\u00ednio das capacidades sensoriais e mentais. A maneira como usamos os sentidos para captar informa\u00e7\u00f5es &hellip; <a href=\"https:\/\/neuroforma.com.br\/novo\/tocar-um-instrumento-ajuda-a-manter-o-cerebro-afiado-no-envelhecimento-diz-estudo\/\" class=\"more-link\">Continue lendo <span class=\"screen-reader-text\">Tocar um instrumento ajuda a manter o c\u00e9rebro afiado no envelhecimento, diz estudo<\/span> <span class=\"meta-nav\">&rarr;<\/span><\/a><\/p>\n\t\t<div class=\"sp-pcp-readmore\">\n\t\t\t\t\t\t\t<a class=\"pcp-readmore-link\" target=\"_self\" href=\"https:\/\/neuroforma.com.br\/novo\/tocar-um-instrumento-ajuda-a-manter-o-cerebro-afiado-no-envelhecimento-diz-estudo\/\" >\n\t\t\t\t\t\tLeia mais <\/a>\n\t\t<\/div>\n\t\t\t\t\t<\/div>\n\t\t\t\t\t\t\t\t<\/div>\n\t\t\t\t<\/div>\n\t\t\t<\/div>\n\t\t<\/div>\n\t\t\t\t<div class=\" sp-pcp-col-xs-1 sp-pcp-col-sm-1 sp-pcp-col-md-2 sp-pcp-col-lg-2 sp-pcp-col-xl-2\">\n\t\t\t<div class=\"sp-pcp-post default pcp-item-7584\" data-id=\"7584\">\n\t\t\t\t\t\t\t\t<div class=\"pcp-post-thumb-wrapper\">\n\t\t\t\t\t<div class=\"sp-pcp-post-thumb-area\">\n\t\t\t\t\t\t\t\t\t\t\t\t<a class=\"sp-pcp-thumb\" href=\"https:\/\/neuroforma.com.br\/novo\/o-cerebro-na-era-das-notificacoes-batalha-por-atencao-afeta-o-funcionamento-do-orgao\/\" target=\"_self\" >\n\t\t\t\t\t\t\t\t\t\t\t\t\t<img loading=\"lazy\" decoding=\"async\" src=\"https:\/\/neuroforma.com.br\/novo\/wp-content\/uploads\/2026\/08\/1.webp\" width=\"1200\" height=\"800\" alt=\"\">\n\t\t\t\t\t\t<\/a>\n\t\t\t\t\t<\/div>\n\t\t\t\t<\/div>\n\t\t\t\t\t\t\t\t<div class=\"sp-pcp-post-details\">\n\t\t\t\t\t<div class=\"sp-pcp-post-details-content\">\n\t\t\t\t\t\t\t\t<h2 class=\"sp-pcp-title\">\n\t\t\t\t\t\t\t\t\t<a href=\"https:\/\/neuroforma.com.br\/novo\/o-cerebro-na-era-das-notificacoes-batalha-por-atencao-afeta-o-funcionamento-do-orgao\/\"  target=\"_self\">O c\u00e9rebro na era das notifica\u00e7\u00f5es: batalha por aten\u00e7\u00e3o afeta o funcionamento do \u00f3rg\u00e3o<\/a>\t\t\t\t\t\t\t<\/h2>\n\t\t\t\t\t\t<div class=\"sp-pcp-post-meta\">\n\t\t\t<ul><li>\t\t\t\t\t<i class=\"fa fa-user\"><\/i>\n\t\t\t\t\t<a href=\"https:\/\/neuroforma.com.br\/novo\/author\/admin\/\"\n\t\t\t\t\t\trel=\"author\">admin<\/a>\n\t\t\t\t\t<\/li> <li>\t\t\t\t\t<i class=\"fa fa-calendar\"><\/i>\n\t\t\t\t\t<time class=\"entry-date published updated\">agosto 20, 2026<\/time>\n\t\t\t\t\t<\/li><\/ul>\t\t<\/div>\n\t\t\t\t\t<div class=\"sp-pcp-post-content\">\n\t\t\t<p>&nbsp; Vivemos na era das multinotifica\u00e7\u00f5es. Com o desenvolvimento da tecnologia, os smartphones dominaram o mercado e agora acompanham o usu\u00e1rio do momento em que ele acorda at\u00e9 a hora de dormir. Na tela, a cada minuto brotam lembretes de emails, coment\u00e1rios em redes sociais, not\u00edcias, aplicativos mostrando que m\u00fasica est\u00e1 tocando, compromissos e promo\u00e7\u00f5es. &hellip; <a href=\"https:\/\/neuroforma.com.br\/novo\/o-cerebro-na-era-das-notificacoes-batalha-por-atencao-afeta-o-funcionamento-do-orgao\/\" class=\"more-link\">Continue lendo <span class=\"screen-reader-text\">O c\u00e9rebro na era das notifica\u00e7\u00f5es: batalha por aten\u00e7\u00e3o afeta o funcionamento do \u00f3rg\u00e3o<\/span> <span class=\"meta-nav\">&rarr;<\/span><\/a><\/p>\n\t\t<div class=\"sp-pcp-readmore\">\n\t\t\t\t\t\t\t<a class=\"pcp-readmore-link\" target=\"_self\" href=\"https:\/\/neuroforma.com.br\/novo\/o-cerebro-na-era-das-notificacoes-batalha-por-atencao-afeta-o-funcionamento-do-orgao\/\" >\n\t\t\t\t\t\tLeia mais <\/a>\n\t\t<\/div>\n\t\t\t\t\t<\/div>\n\t\t\t\t\t\t\t\t<\/div>\n\t\t\t\t<\/div>\n\t\t\t<\/div>\n\t\t<\/div>\n\t\t\t\t<div class=\" sp-pcp-col-xs-1 sp-pcp-col-sm-1 sp-pcp-col-md-2 sp-pcp-col-lg-2 sp-pcp-col-xl-2\">\n\t\t\t<div class=\"sp-pcp-post default pcp-item-7577\" data-id=\"7577\">\n\t\t\t\t\t\t\t\t<div class=\"pcp-post-thumb-wrapper\">\n\t\t\t\t\t<div class=\"sp-pcp-post-thumb-area\">\n\t\t\t\t\t\t\t\t\t\t\t\t<a class=\"sp-pcp-thumb\" href=\"https:\/\/neuroforma.com.br\/novo\/o-cerebro-nao-deve-ficar-parado\/\" target=\"_self\" >\n\t\t\t\t\t\t\t\t\t\t\t\t\t<img loading=\"lazy\" decoding=\"async\" src=\"https:\/\/neuroforma.com.br\/novo\/wp-content\/uploads\/2026\/08\/chamada-e1786111218269.png\" width=\"1173\" height=\"900\" alt=\"\">\n\t\t\t\t\t\t<\/a>\n\t\t\t\t\t<\/div>\n\t\t\t\t<\/div>\n\t\t\t\t\t\t\t\t<div class=\"sp-pcp-post-details\">\n\t\t\t\t\t<div class=\"sp-pcp-post-details-content\">\n\t\t\t\t\t\t\t\t<h2 class=\"sp-pcp-title\">\n\t\t\t\t\t\t\t\t\t<a href=\"https:\/\/neuroforma.com.br\/novo\/o-cerebro-nao-deve-ficar-parado\/\"  target=\"_self\">O c\u00e9rebro n\u00e3o deve ficar parado<\/a>\t\t\t\t\t\t\t<\/h2>\n\t\t\t\t\t\t<div class=\"sp-pcp-post-meta\">\n\t\t\t<ul><li>\t\t\t\t\t<i class=\"fa fa-user\"><\/i>\n\t\t\t\t\t<a href=\"https:\/\/neuroforma.com.br\/novo\/author\/admin\/\"\n\t\t\t\t\t\trel=\"author\">admin<\/a>\n\t\t\t\t\t<\/li> <li>\t\t\t\t\t<i class=\"fa fa-calendar\"><\/i>\n\t\t\t\t\t<time class=\"entry-date published updated\">agosto 7, 2026<\/time>\n\t\t\t\t\t<\/li><\/ul>\t\t<\/div>\n\t\t\t\t\t<div class=\"sp-pcp-post-content\">\n\t\t\t<p>A dem\u00eancia n\u00e3o come\u00e7a necessariamente quando algu\u00e9m esquece um nome, repete uma pergunta ou se perde no caminho de casa. Pode come\u00e7ar d\u00e9cadas antes, na press\u00e3o alta sem controle, no cigarro que parecia apenas um h\u00e1bito, no diabetes mal tratado, na perda auditiva ignorada, no isolamento social que virou rotina e nos dias em que &hellip; <a href=\"https:\/\/neuroforma.com.br\/novo\/o-cerebro-nao-deve-ficar-parado\/\" class=\"more-link\">Continue lendo <span class=\"screen-reader-text\">O c\u00e9rebro n\u00e3o deve ficar parado<\/span> <span class=\"meta-nav\">&rarr;<\/span><\/a><\/p>\n\t\t<div class=\"sp-pcp-readmore\">\n\t\t\t\t\t\t\t<a class=\"pcp-readmore-link\" target=\"_self\" href=\"https:\/\/neuroforma.com.br\/novo\/o-cerebro-nao-deve-ficar-parado\/\" >\n\t\t\t\t\t\tLeia mais <\/a>\n\t\t<\/div>\n\t\t\t\t\t<\/div>\n\t\t\t\t\t\t\t\t<\/div>\n\t\t\t\t<\/div>\n\t\t\t<\/div>\n\t\t<\/div>\n\t\t\t\t<div class=\" sp-pcp-col-xs-1 sp-pcp-col-sm-1 sp-pcp-col-md-2 sp-pcp-col-lg-2 sp-pcp-col-xl-2\">\n\t\t\t<div class=\"sp-pcp-post default pcp-item-7572\" data-id=\"7572\">\n\t\t\t\t\t\t\t\t<div class=\"pcp-post-thumb-wrapper\">\n\t\t\t\t\t<div class=\"sp-pcp-post-thumb-area\">\n\t\t\t\t\t\t\t\t\t\t\t\t<a class=\"sp-pcp-thumb\" href=\"https:\/\/neuroforma.com.br\/novo\/estudo-descobre-novo-impacto-de-dificuldades-financeiras-na-cognicao-e-no-cerebro-entenda\/\" target=\"_self\" >\n\t\t\t\t\t\t\t\t\t\t\t\t\t<img loading=\"lazy\" decoding=\"async\" src=\"https:\/\/neuroforma.com.br\/novo\/wp-content\/uploads\/2026\/07\/chamada-1-e1785512415386.png\" width=\"1173\" height=\"792\" alt=\"\">\n\t\t\t\t\t\t<\/a>\n\t\t\t\t\t<\/div>\n\t\t\t\t<\/div>\n\t\t\t\t\t\t\t\t<div class=\"sp-pcp-post-details\">\n\t\t\t\t\t<div class=\"sp-pcp-post-details-content\">\n\t\t\t\t\t\t\t\t<h2 class=\"sp-pcp-title\">\n\t\t\t\t\t\t\t\t\t<a href=\"https:\/\/neuroforma.com.br\/novo\/estudo-descobre-novo-impacto-de-dificuldades-financeiras-na-cognicao-e-no-cerebro-entenda\/\"  target=\"_self\">Estudo descobre novo impacto de dificuldades financeiras na cogni\u00e7\u00e3o e no c\u00e9rebro; entenda<\/a>\t\t\t\t\t\t\t<\/h2>\n\t\t\t\t\t\t<div class=\"sp-pcp-post-meta\">\n\t\t\t<ul><li>\t\t\t\t\t<i class=\"fa fa-user\"><\/i>\n\t\t\t\t\t<a href=\"https:\/\/neuroforma.com.br\/novo\/author\/admin\/\"\n\t\t\t\t\t\trel=\"author\">admin<\/a>\n\t\t\t\t\t<\/li> <li>\t\t\t\t\t<i class=\"fa fa-calendar\"><\/i>\n\t\t\t\t\t<time class=\"entry-date published updated\">julho 31, 2026<\/time>\n\t\t\t\t\t<\/li><\/ul>\t\t<\/div>\n\t\t\t\t\t<div class=\"sp-pcp-post-content\">\n\t\t\t<p>Pesquisadores da University College de Londres descobriram que dificuldades financeiras persistentes aceleram o decl\u00ednio cognitivo relacionado ao envelhecimento. O estudo, publicado na Innovation in Aging, analisou dados de 2.759 brit\u00e2nicos e constatou que a renda baixa e dificuldades financeiras afetam negativamente a sa\u00fade cerebral e o desempenho cognitivo. Os resultados ressaltam a import\u00e2ncia de pol\u00edticas &hellip; <a href=\"https:\/\/neuroforma.com.br\/novo\/estudo-descobre-novo-impacto-de-dificuldades-financeiras-na-cognicao-e-no-cerebro-entenda\/\" class=\"more-link\">Continue lendo <span class=\"screen-reader-text\">Estudo descobre novo impacto de dificuldades financeiras na cogni\u00e7\u00e3o e no c\u00e9rebro; entenda<\/span> <span class=\"meta-nav\">&rarr;<\/span><\/a><\/p>\n\t\t<div class=\"sp-pcp-readmore\">\n\t\t\t\t\t\t\t<a class=\"pcp-readmore-link\" target=\"_self\" href=\"https:\/\/neuroforma.com.br\/novo\/estudo-descobre-novo-impacto-de-dificuldades-financeiras-na-cognicao-e-no-cerebro-entenda\/\" >\n\t\t\t\t\t\tLeia mais <\/a>\n\t\t<\/div>\n\t\t\t\t\t<\/div>\n\t\t\t\t\t\t\t\t<\/div>\n\t\t\t\t<\/div>\n\t\t\t<\/div>\n\t\t<\/div>\n\t\t\t\t<div class=\" sp-pcp-col-xs-1 sp-pcp-col-sm-1 sp-pcp-col-md-2 sp-pcp-col-lg-2 sp-pcp-col-xl-2\">\n\t\t\t<div class=\"sp-pcp-post default pcp-item-7566\" data-id=\"7566\">\n\t\t\t\t\t\t\t\t<div class=\"pcp-post-thumb-wrapper\">\n\t\t\t\t\t<div class=\"sp-pcp-post-thumb-area\">\n\t\t\t\t\t\t\t\t\t\t\t\t<a class=\"sp-pcp-thumb\" href=\"https:\/\/neuroforma.com.br\/novo\/atividade-fisica-promove-limpeza-do-cerebro-diz-estudo-2\/\" target=\"_self\" >\n\t\t\t\t\t\t\t\t\t\t\t\t\t<img loading=\"lazy\" decoding=\"async\" src=\"https:\/\/neuroforma.com.br\/novo\/wp-content\/uploads\/2026\/07\/chamada-e1783696268205.png\" width=\"1157\" height=\"745\" alt=\"\">\n\t\t\t\t\t\t<\/a>\n\t\t\t\t\t<\/div>\n\t\t\t\t<\/div>\n\t\t\t\t\t\t\t\t<div class=\"sp-pcp-post-details\">\n\t\t\t\t\t<div class=\"sp-pcp-post-details-content\">\n\t\t\t\t\t\t\t\t<h2 class=\"sp-pcp-title\">\n\t\t\t\t\t\t\t\t\t<a href=\"https:\/\/neuroforma.com.br\/novo\/atividade-fisica-promove-limpeza-do-cerebro-diz-estudo-2\/\"  target=\"_self\">Atividade f\u00edsica promove &#8216;limpeza&#8217; do c\u00e9rebro, diz estudo<\/a>\t\t\t\t\t\t\t<\/h2>\n\t\t\t\t\t\t<div class=\"sp-pcp-post-meta\">\n\t\t\t<ul><li>\t\t\t\t\t<i class=\"fa fa-user\"><\/i>\n\t\t\t\t\t<a href=\"https:\/\/neuroforma.com.br\/novo\/author\/admin\/\"\n\t\t\t\t\t\trel=\"author\">admin<\/a>\n\t\t\t\t\t<\/li> <li>\t\t\t\t\t<i class=\"fa fa-calendar\"><\/i>\n\t\t\t\t\t<time class=\"entry-date published updated\">julho 10, 2026<\/time>\n\t\t\t\t\t<\/li><\/ul>\t\t<\/div>\n\t\t\t\t\t<div class=\"sp-pcp-post-content\">\n\t\t\t<p>Cada vez que voc\u00ea fica em p\u00e9, d\u00e1 um passo ou simplesmente contrai o abd\u00f4men, algo curioso acontece dentro da sua cabe\u00e7a: o c\u00e9rebro se move. E esse movimento, por menor que seja, pode n\u00e3o apenas fortalecer m\u00fasculos e cora\u00e7\u00e3o, mas tamb\u00e9m desempenhar um papel importante na sa\u00fade cerebral. \u00c9 o que indica um novo &hellip; <a href=\"https:\/\/neuroforma.com.br\/novo\/atividade-fisica-promove-limpeza-do-cerebro-diz-estudo-2\/\" class=\"more-link\">Continue lendo <span class=\"screen-reader-text\">Atividade f\u00edsica promove &#8216;limpeza&#8217; do c\u00e9rebro, diz estudo<\/span> <span class=\"meta-nav\">&rarr;<\/span><\/a><\/p>\n\t\t<div class=\"sp-pcp-readmore\">\n\t\t\t\t\t\t\t<a class=\"pcp-readmore-link\" target=\"_self\" href=\"https:\/\/neuroforma.com.br\/novo\/atividade-fisica-promove-limpeza-do-cerebro-diz-estudo-2\/\" >\n\t\t\t\t\t\tLeia mais <\/a>\n\t\t<\/div>\n\t\t\t\t\t<\/div>\n\t\t\t\t\t\t\t\t<\/div>\n\t\t\t\t<\/div>\n\t\t\t<\/div>\n\t\t<\/div>\n\t\t\t\t<div class=\" sp-pcp-col-xs-1 sp-pcp-col-sm-1 sp-pcp-col-md-2 sp-pcp-col-lg-2 sp-pcp-col-xl-2\">\n\t\t\t<div class=\"sp-pcp-post default pcp-item-7556\" data-id=\"7556\">\n\t\t\t\t\t\t\t\t<div class=\"pcp-post-thumb-wrapper\">\n\t\t\t\t\t<div class=\"sp-pcp-post-thumb-area\">\n\t\t\t\t\t\t\t\t\t\t\t\t<a class=\"sp-pcp-thumb\" href=\"https:\/\/neuroforma.com.br\/novo\/uma-unica-noite-sem-dormir-ja-afeta-as-conexoes-do-cerebro-entenda-como-o-sono-pode-reinicia-las\/\" target=\"_self\" >\n\t\t\t\t\t\t\t\t\t\t\t\t\t<img loading=\"lazy\" decoding=\"async\" src=\"https:\/\/neuroforma.com.br\/novo\/wp-content\/uploads\/2026\/06\/chamada1-e1782568861584.png\" width=\"1135\" height=\"710\" alt=\"\">\n\t\t\t\t\t\t<\/a>\n\t\t\t\t\t<\/div>\n\t\t\t\t<\/div>\n\t\t\t\t\t\t\t\t<div class=\"sp-pcp-post-details\">\n\t\t\t\t\t<div class=\"sp-pcp-post-details-content\">\n\t\t\t\t\t\t\t\t<h2 class=\"sp-pcp-title\">\n\t\t\t\t\t\t\t\t\t<a href=\"https:\/\/neuroforma.com.br\/novo\/uma-unica-noite-sem-dormir-ja-afeta-as-conexoes-do-cerebro-entenda-como-o-sono-pode-reinicia-las\/\"  target=\"_self\">Uma \u00fanica noite sem dormir j\u00e1 afeta as conex\u00f5es do c\u00e9rebro; entenda como o sono pode \u2018reinici\u00e1-las\u2019<\/a>\t\t\t\t\t\t\t<\/h2>\n\t\t\t\t\t\t<div class=\"sp-pcp-post-meta\">\n\t\t\t<ul><li>\t\t\t\t\t<i class=\"fa fa-user\"><\/i>\n\t\t\t\t\t<a href=\"https:\/\/neuroforma.com.br\/novo\/author\/admin\/\"\n\t\t\t\t\t\trel=\"author\">admin<\/a>\n\t\t\t\t\t<\/li> <li>\t\t\t\t\t<i class=\"fa fa-calendar\"><\/i>\n\t\t\t\t\t<time class=\"entry-date published updated\">junho 27, 2026<\/time>\n\t\t\t\t\t<\/li><\/ul>\t\t<\/div>\n\t\t\t\t\t<div class=\"sp-pcp-post-content\">\n\t\t\t<p>Dormir pode ser mais importante para o c\u00e9rebro do que se imaginava. Ap\u00f3s uma noite em claro, pesquisadores detectaram mudan\u00e7as mensur\u00e1veis nas conex\u00f5es entre neur\u00f4nios, sugerindo que o sono desempenha um papel importante na reorganiza\u00e7\u00e3o da atividade cerebral. A pesquisa, publicada na revista cient\u00edfica PLOS Biology, analisou 40 adultos saud\u00e1veis. Metade dos participantes passou uma &hellip; <a href=\"https:\/\/neuroforma.com.br\/novo\/uma-unica-noite-sem-dormir-ja-afeta-as-conexoes-do-cerebro-entenda-como-o-sono-pode-reinicia-las\/\" class=\"more-link\">Continue lendo <span class=\"screen-reader-text\">Uma \u00fanica noite sem dormir j\u00e1 afeta as conex\u00f5es do c\u00e9rebro; entenda como o sono pode \u2018reinici\u00e1-las\u2019<\/span> <span class=\"meta-nav\">&rarr;<\/span><\/a><\/p>\n\t\t<div class=\"sp-pcp-readmore\">\n\t\t\t\t\t\t\t<a class=\"pcp-readmore-link\" target=\"_self\" href=\"https:\/\/neuroforma.com.br\/novo\/uma-unica-noite-sem-dormir-ja-afeta-as-conexoes-do-cerebro-entenda-como-o-sono-pode-reinicia-las\/\" >\n\t\t\t\t\t\tLeia mais <\/a>\n\t\t<\/div>\n\t\t\t\t\t<\/div>\n\t\t\t\t\t\t\t\t<\/div>\n\t\t\t\t<\/div>\n\t\t\t<\/div>\n\t\t<\/div>\n\t\t\t\t<div class=\" sp-pcp-col-xs-1 sp-pcp-col-sm-1 sp-pcp-col-md-2 sp-pcp-col-lg-2 sp-pcp-col-xl-2\">\n\t\t\t<div class=\"sp-pcp-post default pcp-item-7551\" data-id=\"7551\">\n\t\t\t\t\t\t\t\t<div class=\"pcp-post-thumb-wrapper\">\n\t\t\t\t\t<div class=\"sp-pcp-post-thumb-area\">\n\t\t\t\t\t\t\t\t\t\t\t\t<a class=\"sp-pcp-thumb\" href=\"https:\/\/neuroforma.com.br\/novo\/a-ia-nos-da-mais-tempo-ou-enfraquece-nosso-cerebro\/\" target=\"_self\" >\n\t\t\t\t\t\t\t\t\t\t\t\t\t<img loading=\"lazy\" decoding=\"async\" src=\"https:\/\/neuroforma.com.br\/novo\/wp-content\/uploads\/2026\/06\/chamada-1-e1781701263990.png\" width=\"1120\" height=\"730\" alt=\"\">\n\t\t\t\t\t\t<\/a>\n\t\t\t\t\t<\/div>\n\t\t\t\t<\/div>\n\t\t\t\t\t\t\t\t<div class=\"sp-pcp-post-details\">\n\t\t\t\t\t<div class=\"sp-pcp-post-details-content\">\n\t\t\t\t\t\t\t\t<h2 class=\"sp-pcp-title\">\n\t\t\t\t\t\t\t\t\t<a href=\"https:\/\/neuroforma.com.br\/novo\/a-ia-nos-da-mais-tempo-ou-enfraquece-nosso-cerebro\/\"  target=\"_self\">A IA nos d\u00e1 mais tempo ou enfraquece nosso c\u00e9rebro?<\/a>\t\t\t\t\t\t\t<\/h2>\n\t\t\t\t\t\t<div class=\"sp-pcp-post-meta\">\n\t\t\t<ul><li>\t\t\t\t\t<i class=\"fa fa-user\"><\/i>\n\t\t\t\t\t<a href=\"https:\/\/neuroforma.com.br\/novo\/author\/admin\/\"\n\t\t\t\t\t\trel=\"author\">admin<\/a>\n\t\t\t\t\t<\/li> <li>\t\t\t\t\t<i class=\"fa fa-calendar\"><\/i>\n\t\t\t\t\t<time class=\"entry-date published updated\">junho 17, 2026<\/time>\n\t\t\t\t\t<\/li><\/ul>\t\t<\/div>\n\t\t\t\t\t<div class=\"sp-pcp-post-content\">\n\t\t\t<p>Outro dia me fiz uma pergunta que talvez voc\u00ea tamb\u00e9m j\u00e1 tenha se feito: a intelig\u00eancia artificial est\u00e1 nos tornando mais inteligentes ou apenas mais pregui\u00e7osos? A d\u00favida surgiu depois de uma situa\u00e7\u00e3o banal. Queria lembrar o nome de uma autora. Antigamente, teria ficado alguns minutos remexendo a mem\u00f3ria, puxando pistas mentais, associando livros, capas, &hellip; <a href=\"https:\/\/neuroforma.com.br\/novo\/a-ia-nos-da-mais-tempo-ou-enfraquece-nosso-cerebro\/\" class=\"more-link\">Continue lendo <span class=\"screen-reader-text\">A IA nos d\u00e1 mais tempo ou enfraquece nosso c\u00e9rebro?<\/span> <span class=\"meta-nav\">&rarr;<\/span><\/a><\/p>\n\t\t<div class=\"sp-pcp-readmore\">\n\t\t\t\t\t\t\t<a class=\"pcp-readmore-link\" target=\"_self\" href=\"https:\/\/neuroforma.com.br\/novo\/a-ia-nos-da-mais-tempo-ou-enfraquece-nosso-cerebro\/\" >\n\t\t\t\t\t\tLeia mais <\/a>\n\t\t<\/div>\n\t\t\t\t\t<\/div>\n\t\t\t\t\t\t\t\t<\/div>\n\t\t\t\t<\/div>\n\t\t\t<\/div>\n\t\t<\/div>\n\t\t\t\t<div class=\" sp-pcp-col-xs-1 sp-pcp-col-sm-1 sp-pcp-col-md-2 sp-pcp-col-lg-2 sp-pcp-col-xl-2\">\n\t\t\t<div class=\"sp-pcp-post default pcp-item-7546\" data-id=\"7546\">\n\t\t\t\t\t\t\t\t<div class=\"pcp-post-thumb-wrapper\">\n\t\t\t\t\t<div class=\"sp-pcp-post-thumb-area\">\n\t\t\t\t\t\t\t\t\t\t\t\t<a class=\"sp-pcp-thumb\" href=\"https:\/\/neuroforma.com.br\/novo\/um-cerebro-estressado-esta-em-modo-de-sobrevivencia-um-cerebro-feliz-esta-em-modo-de-aprendizado-explica-neurocientista\/\" target=\"_self\" >\n\t\t\t\t\t\t\t\t\t\t\t\t\t<img loading=\"lazy\" decoding=\"async\" src=\"https:\/\/neuroforma.com.br\/novo\/wp-content\/uploads\/2026\/06\/chamada-e1780923431352.png\" width=\"1140\" height=\"737\" alt=\"\">\n\t\t\t\t\t\t<\/a>\n\t\t\t\t\t<\/div>\n\t\t\t\t<\/div>\n\t\t\t\t\t\t\t\t<div class=\"sp-pcp-post-details\">\n\t\t\t\t\t<div class=\"sp-pcp-post-details-content\">\n\t\t\t\t\t\t\t\t<h2 class=\"sp-pcp-title\">\n\t\t\t\t\t\t\t\t\t<a href=\"https:\/\/neuroforma.com.br\/novo\/um-cerebro-estressado-esta-em-modo-de-sobrevivencia-um-cerebro-feliz-esta-em-modo-de-aprendizado-explica-neurocientista\/\"  target=\"_self\">&#8216;Um c\u00e9rebro estressado est\u00e1 em modo de sobreviv\u00eancia. Um c\u00e9rebro feliz est\u00e1 em modo de aprendizado&#8217;, explica neurocientista<\/a>\t\t\t\t\t\t\t<\/h2>\n\t\t\t\t\t\t<div class=\"sp-pcp-post-meta\">\n\t\t\t<ul><li>\t\t\t\t\t<i class=\"fa fa-user\"><\/i>\n\t\t\t\t\t<a href=\"https:\/\/neuroforma.com.br\/novo\/author\/admin\/\"\n\t\t\t\t\t\trel=\"author\">admin<\/a>\n\t\t\t\t\t<\/li> <li>\t\t\t\t\t<i class=\"fa fa-calendar\"><\/i>\n\t\t\t\t\t<time class=\"entry-date published updated\">junho 8, 2026<\/time>\n\t\t\t\t\t<\/li><\/ul>\t\t<\/div>\n\t\t\t\t\t<div class=\"sp-pcp-post-content\">\n\t\t\t<p>Embora a rotina de muitos adolescentes seja repleta de atividades acad\u00eamicas, esportes e viagens, o desenvolvimento cerebral muitas vezes fica de fora das prioridades di\u00e1rias. Um estudo recente liderado pelo neurocientista Gustavo Deco prop\u00f5e uma perspectiva diferente sobre essa fase da vida, focando em como o ambiente educacional e emocional influencia diretamente a organiza\u00e7\u00e3o cerebral. &hellip; <a href=\"https:\/\/neuroforma.com.br\/novo\/um-cerebro-estressado-esta-em-modo-de-sobrevivencia-um-cerebro-feliz-esta-em-modo-de-aprendizado-explica-neurocientista\/\" class=\"more-link\">Continue lendo <span class=\"screen-reader-text\">&#8216;Um c\u00e9rebro estressado est\u00e1 em modo de sobreviv\u00eancia. Um c\u00e9rebro feliz est\u00e1 em modo de aprendizado&#8217;, explica neurocientista<\/span> <span class=\"meta-nav\">&rarr;<\/span><\/a><\/p>\n\t\t<div class=\"sp-pcp-readmore\">\n\t\t\t\t\t\t\t<a class=\"pcp-readmore-link\" target=\"_self\" href=\"https:\/\/neuroforma.com.br\/novo\/um-cerebro-estressado-esta-em-modo-de-sobrevivencia-um-cerebro-feliz-esta-em-modo-de-aprendizado-explica-neurocientista\/\" >\n\t\t\t\t\t\tLeia mais <\/a>\n\t\t<\/div>\n\t\t\t\t\t<\/div>\n\t\t\t\t\t\t\t\t<\/div>\n\t\t\t\t<\/div>\n\t\t\t<\/div>\n\t\t<\/div>\n\t\t\t\t<div class=\" sp-pcp-col-xs-1 sp-pcp-col-sm-1 sp-pcp-col-md-2 sp-pcp-col-lg-2 sp-pcp-col-xl-2\">\n\t\t\t<div class=\"sp-pcp-post default pcp-item-7543\" data-id=\"7543\">\n\t\t\t\t\t\t\t\t<div class=\"pcp-post-thumb-wrapper\">\n\t\t\t\t\t<div class=\"sp-pcp-post-thumb-area\">\n\t\t\t\t\t\t\t\t\t\t\t\t<a class=\"sp-pcp-thumb\" href=\"https:\/\/neuroforma.com.br\/novo\/atividade-fisica-promove-limpeza-do-cerebro-diz-estudo\/\" target=\"_self\" >\n\t\t\t\t\t\t\t\t\t\t\t\t\t<img loading=\"lazy\" decoding=\"async\" src=\"https:\/\/neuroforma.com.br\/novo\/wp-content\/uploads\/2026\/05\/chamada-3-e1779911603137.png\" width=\"1173\" height=\"770\" alt=\"\">\n\t\t\t\t\t\t<\/a>\n\t\t\t\t\t<\/div>\n\t\t\t\t<\/div>\n\t\t\t\t\t\t\t\t<div class=\"sp-pcp-post-details\">\n\t\t\t\t\t<div class=\"sp-pcp-post-details-content\">\n\t\t\t\t\t\t\t\t<h2 class=\"sp-pcp-title\">\n\t\t\t\t\t\t\t\t\t<a href=\"https:\/\/neuroforma.com.br\/novo\/atividade-fisica-promove-limpeza-do-cerebro-diz-estudo\/\"  target=\"_self\">Atividade f\u00edsica promove &#8216;limpeza&#8217; do c\u00e9rebro, diz estudo<\/a>\t\t\t\t\t\t\t<\/h2>\n\t\t\t\t\t\t<div class=\"sp-pcp-post-meta\">\n\t\t\t<ul><li>\t\t\t\t\t<i class=\"fa fa-user\"><\/i>\n\t\t\t\t\t<a href=\"https:\/\/neuroforma.com.br\/novo\/author\/admin\/\"\n\t\t\t\t\t\trel=\"author\">admin<\/a>\n\t\t\t\t\t<\/li> <li>\t\t\t\t\t<i class=\"fa fa-calendar\"><\/i>\n\t\t\t\t\t<time class=\"entry-date published updated\">maio 27, 2026<\/time>\n\t\t\t\t\t<\/li><\/ul>\t\t<\/div>\n\t\t\t\t\t<div class=\"sp-pcp-post-content\">\n\t\t\t<p>Cada vez que voc\u00ea fica em p\u00e9, d\u00e1 um passo ou simplesmente contrai o abd\u00f4men, algo curioso acontece dentro da sua cabe\u00e7a: o c\u00e9rebro se move. E esse movimento, por menor que seja, pode n\u00e3o apenas fortalecer m\u00fasculos e cora\u00e7\u00e3o, mas tamb\u00e9m desempenhar um papel importante na sa\u00fade cerebral. \u00c9 o que indica um novo &hellip; <a href=\"https:\/\/neuroforma.com.br\/novo\/atividade-fisica-promove-limpeza-do-cerebro-diz-estudo\/\" class=\"more-link\">Continue lendo <span class=\"screen-reader-text\">Atividade f\u00edsica promove &#8216;limpeza&#8217; do c\u00e9rebro, diz estudo<\/span> <span class=\"meta-nav\">&rarr;<\/span><\/a><\/p>\n\t\t<div class=\"sp-pcp-readmore\">\n\t\t\t\t\t\t\t<a class=\"pcp-readmore-link\" target=\"_self\" href=\"https:\/\/neuroforma.com.br\/novo\/atividade-fisica-promove-limpeza-do-cerebro-diz-estudo\/\" >\n\t\t\t\t\t\tLeia mais <\/a>\n\t\t<\/div>\n\t\t\t\t\t<\/div>\n\t\t\t\t\t\t\t\t<\/div>\n\t\t\t\t<\/div>\n\t\t\t<\/div>\n\t\t<\/div>\n\t\t\t\t<div class=\" sp-pcp-col-xs-1 sp-pcp-col-sm-1 sp-pcp-col-md-2 sp-pcp-col-lg-2 sp-pcp-col-xl-2\">\n\t\t\t<div class=\"sp-pcp-post default pcp-item-7540\" data-id=\"7540\">\n\t\t\t\t\t\t\t\t<div class=\"pcp-post-thumb-wrapper\">\n\t\t\t\t\t<div class=\"sp-pcp-post-thumb-area\">\n\t\t\t\t\t\t\t\t\t\t\t\t<a class=\"sp-pcp-thumb\" href=\"https:\/\/neuroforma.com.br\/novo\/parar-de-fumar-mesmo-na-meia-idade-desacelera-perda-cognitiva-do-envelhecimento\/\" target=\"_self\" >\n\t\t\t\t\t\t\t\t\t\t\t\t\t<img loading=\"lazy\" decoding=\"async\" src=\"https:\/\/neuroforma.com.br\/novo\/wp-content\/uploads\/2026\/05\/chamada-2-e1779113110664.png\" width=\"1135\" height=\"737\" alt=\"\">\n\t\t\t\t\t\t<\/a>\n\t\t\t\t\t<\/div>\n\t\t\t\t<\/div>\n\t\t\t\t\t\t\t\t<div class=\"sp-pcp-post-details\">\n\t\t\t\t\t<div class=\"sp-pcp-post-details-content\">\n\t\t\t\t\t\t\t\t<h2 class=\"sp-pcp-title\">\n\t\t\t\t\t\t\t\t\t<a href=\"https:\/\/neuroforma.com.br\/novo\/parar-de-fumar-mesmo-na-meia-idade-desacelera-perda-cognitiva-do-envelhecimento\/\"  target=\"_self\">Parar de fumar, mesmo na meia-idade, desacelera perda cognitiva do envelhecimento<\/a>\t\t\t\t\t\t\t<\/h2>\n\t\t\t\t\t\t<div class=\"sp-pcp-post-meta\">\n\t\t\t<ul><li>\t\t\t\t\t<i class=\"fa fa-user\"><\/i>\n\t\t\t\t\t<a href=\"https:\/\/neuroforma.com.br\/novo\/author\/admin\/\"\n\t\t\t\t\t\trel=\"author\">admin<\/a>\n\t\t\t\t\t<\/li> <li>\t\t\t\t\t<i class=\"fa fa-calendar\"><\/i>\n\t\t\t\t\t<time class=\"entry-date published updated\">maio 18, 2026<\/time>\n\t\t\t\t\t<\/li><\/ul>\t\t<\/div>\n\t\t\t\t\t<div class=\"sp-pcp-post-content\">\n\t\t\t<p>Aqueles que largam o v\u00edcio, mesmo tardiamente, t\u00eam menor perda cognitiva do que os que continuam fumando, mostra um estudo publicado no The Lancet Healthy Longevity. N\u00e3o se sabe exatamente como o cigarro prejudica a cogni\u00e7\u00e3o, mas uma das hip\u00f3teses \u00e9 que ele causa altera\u00e7\u00f5es vasculares nas art\u00e9rias do c\u00e9rebro, levando a microinfartos cerebrais e, &hellip; <a href=\"https:\/\/neuroforma.com.br\/novo\/parar-de-fumar-mesmo-na-meia-idade-desacelera-perda-cognitiva-do-envelhecimento\/\" class=\"more-link\">Continue lendo <span class=\"screen-reader-text\">Parar de fumar, mesmo na meia-idade, desacelera perda cognitiva do envelhecimento<\/span> <span class=\"meta-nav\">&rarr;<\/span><\/a><\/p>\n\t\t<div class=\"sp-pcp-readmore\">\n\t\t\t\t\t\t\t<a class=\"pcp-readmore-link\" target=\"_self\" href=\"https:\/\/neuroforma.com.br\/novo\/parar-de-fumar-mesmo-na-meia-idade-desacelera-perda-cognitiva-do-envelhecimento\/\" >\n\t\t\t\t\t\tLeia mais <\/a>\n\t\t<\/div>\n\t\t\t\t\t<\/div>\n\t\t\t\t\t\t\t\t<\/div>\n\t\t\t\t<\/div>\n\t\t\t<\/div>\n\t\t<\/div>\n\t\t\t\t<div class=\" sp-pcp-col-xs-1 sp-pcp-col-sm-1 sp-pcp-col-md-2 sp-pcp-col-lg-2 sp-pcp-col-xl-2\">\n\t\t\t<div class=\"sp-pcp-post default pcp-item-7533\" data-id=\"7533\">\n\t\t\t\t\t\t\t\t<div class=\"pcp-post-thumb-wrapper\">\n\t\t\t\t\t<div class=\"sp-pcp-post-thumb-area\">\n\t\t\t\t\t\t\t\t\t\t\t\t<a class=\"sp-pcp-thumb\" href=\"https:\/\/neuroforma.com.br\/novo\/veja-o-que-25-anos-de-estudos-revelaram-sobre-idosos-com-cerebro-jovem\/\" target=\"_self\" >\n\t\t\t\t\t\t\t\t\t\t\t\t\t<img loading=\"lazy\" decoding=\"async\" src=\"https:\/\/neuroforma.com.br\/novo\/wp-content\/uploads\/2026\/05\/chamada-1-e1778000153815.png\" width=\"1135\" height=\"733\" alt=\"\">\n\t\t\t\t\t\t<\/a>\n\t\t\t\t\t<\/div>\n\t\t\t\t<\/div>\n\t\t\t\t\t\t\t\t<div class=\"sp-pcp-post-details\">\n\t\t\t\t\t<div class=\"sp-pcp-post-details-content\">\n\t\t\t\t\t\t\t\t<h2 class=\"sp-pcp-title\">\n\t\t\t\t\t\t\t\t\t<a href=\"https:\/\/neuroforma.com.br\/novo\/veja-o-que-25-anos-de-estudos-revelaram-sobre-idosos-com-cerebro-jovem\/\"  target=\"_self\">Veja o que 25 anos de estudos revelaram sobre idosos com &#8216;c\u00e9rebro jovem&#8217;<\/a>\t\t\t\t\t\t\t<\/h2>\n\t\t\t\t\t\t<div class=\"sp-pcp-post-meta\">\n\t\t\t<ul><li>\t\t\t\t\t<i class=\"fa fa-user\"><\/i>\n\t\t\t\t\t<a href=\"https:\/\/neuroforma.com.br\/novo\/author\/admin\/\"\n\t\t\t\t\t\trel=\"author\">admin<\/a>\n\t\t\t\t\t<\/li> <li>\t\t\t\t\t<i class=\"fa fa-calendar\"><\/i>\n\t\t\t\t\t<time class=\"entry-date published updated\">maio 5, 2026<\/time>\n\t\t\t\t\t<\/li><\/ul>\t\t<\/div>\n\t\t\t\t\t<div class=\"sp-pcp-post-content\">\n\t\t\t<p>Pesquisadores da Northwestern Medicine, nos Estados Unidos, v\u00eam investigando h\u00e1 mais de 25 anos um grupo de idosos com 80 anos ou mais conhecidos como \u201csuperagers\u201d (algo como &#8220;superenvelhecedores&#8221;), com o objetivo de entender por que algumas pessoas conseguem manter uma acuidade mental excepcional na velhice. E chegaram a algumas conclus\u00f5es importantes. Esses indiv\u00edduos apresentam &hellip; <a href=\"https:\/\/neuroforma.com.br\/novo\/veja-o-que-25-anos-de-estudos-revelaram-sobre-idosos-com-cerebro-jovem\/\" class=\"more-link\">Continue lendo <span class=\"screen-reader-text\">Veja o que 25 anos de estudos revelaram sobre idosos com &#8216;c\u00e9rebro jovem&#8217;<\/span> <span class=\"meta-nav\">&rarr;<\/span><\/a><\/p>\n\t\t<div class=\"sp-pcp-readmore\">\n\t\t\t\t\t\t\t<a class=\"pcp-readmore-link\" target=\"_self\" href=\"https:\/\/neuroforma.com.br\/novo\/veja-o-que-25-anos-de-estudos-revelaram-sobre-idosos-com-cerebro-jovem\/\" >\n\t\t\t\t\t\tLeia mais <\/a>\n\t\t<\/div>\n\t\t\t\t\t<\/div>\n\t\t\t\t\t\t\t\t<\/div>\n\t\t\t\t<\/div>\n\t\t\t<\/div>\n\t\t<\/div>\n\t\t\t\t<div class=\" sp-pcp-col-xs-1 sp-pcp-col-sm-1 sp-pcp-col-md-2 sp-pcp-col-lg-2 sp-pcp-col-xl-2\">\n\t\t\t<div class=\"sp-pcp-post default pcp-item-7528\" data-id=\"7528\">\n\t\t\t\t\t\t\t\t<div class=\"pcp-post-thumb-wrapper\">\n\t\t\t\t\t<div class=\"sp-pcp-post-thumb-area\">\n\t\t\t\t\t\t\t\t\t\t\t\t<a class=\"sp-pcp-thumb\" href=\"https:\/\/neuroforma.com.br\/novo\/pela-1a-vez-cientistas-mapeiam-como-o-cerebro-envelhece-em-cada-regiao-entenda\/\" target=\"_self\" >\n\t\t\t\t\t\t\t\t\t\t\t\t\t<img loading=\"lazy\" decoding=\"async\" src=\"https:\/\/neuroforma.com.br\/novo\/wp-content\/uploads\/2026\/04\/chamada-1-e1777399944358.png\" width=\"1173\" height=\"786\" alt=\"\">\n\t\t\t\t\t\t<\/a>\n\t\t\t\t\t<\/div>\n\t\t\t\t<\/div>\n\t\t\t\t\t\t\t\t<div class=\"sp-pcp-post-details\">\n\t\t\t\t\t<div class=\"sp-pcp-post-details-content\">\n\t\t\t\t\t\t\t\t<h2 class=\"sp-pcp-title\">\n\t\t\t\t\t\t\t\t\t<a href=\"https:\/\/neuroforma.com.br\/novo\/pela-1a-vez-cientistas-mapeiam-como-o-cerebro-envelhece-em-cada-regiao-entenda\/\"  target=\"_self\">Pela 1\u00aa vez, cientistas mapeiam como o c\u00e9rebro envelhece em cada regi\u00e3o; entenda<\/a>\t\t\t\t\t\t\t<\/h2>\n\t\t\t\t\t\t<div class=\"sp-pcp-post-meta\">\n\t\t\t<ul><li>\t\t\t\t\t<i class=\"fa fa-user\"><\/i>\n\t\t\t\t\t<a href=\"https:\/\/neuroforma.com.br\/novo\/author\/admin\/\"\n\t\t\t\t\t\trel=\"author\">admin<\/a>\n\t\t\t\t\t<\/li> <li>\t\t\t\t\t<i class=\"fa fa-calendar\"><\/i>\n\t\t\t\t\t<time class=\"entry-date published updated\">abril 28, 2026<\/time>\n\t\t\t\t\t<\/li><\/ul>\t\t<\/div>\n\t\t\t\t\t<div class=\"sp-pcp-post-content\">\n\t\t\t<p>Pela primeira vez, cientistas conseguiram mapear a n\u00edvel gen\u00e9tico como cada regi\u00e3o do c\u00e9rebro envelhece. Os achados ajudam a explicar por que, por exemplo, algumas s\u00e3o mais afetadas por doen\u00e7as neurodegenerativas como o Alzheimer. O estudo, conduzido por pesquisadores da Universidade do Sul da Calif\u00f3rnia (USC), nos Estados Unidos, foi publicado na revista cient\u00edfica GeroScience. &hellip; <a href=\"https:\/\/neuroforma.com.br\/novo\/pela-1a-vez-cientistas-mapeiam-como-o-cerebro-envelhece-em-cada-regiao-entenda\/\" class=\"more-link\">Continue lendo <span class=\"screen-reader-text\">Pela 1\u00aa vez, cientistas mapeiam como o c\u00e9rebro envelhece em cada regi\u00e3o; entenda<\/span> <span class=\"meta-nav\">&rarr;<\/span><\/a><\/p>\n\t\t<div class=\"sp-pcp-readmore\">\n\t\t\t\t\t\t\t<a class=\"pcp-readmore-link\" target=\"_self\" href=\"https:\/\/neuroforma.com.br\/novo\/pela-1a-vez-cientistas-mapeiam-como-o-cerebro-envelhece-em-cada-regiao-entenda\/\" >\n\t\t\t\t\t\tLeia mais <\/a>\n\t\t<\/div>\n\t\t\t\t\t<\/div>\n\t\t\t\t\t\t\t\t<\/div>\n\t\t\t\t<\/div>\n\t\t\t<\/div>\n\t\t<\/div>\n\t\t\t<\/div>\n\t\t<span class=\"sp-pcp-pagination-data\" style=\"display:none;\"><\/span>\n\n\t\t<nav class=\"pcp-post-pagination pcp-on-desktop\">\n\t\t\t<span aria-current=\"page\" class=\"page-numbers current\">1<\/span><a class=\"page-numbers\" href=\"https:\/\/neuroforma.com.br\/novo\/wp-json\/wp\/v2\/pages\/7092\/?paged7091=2\">2<\/a><a class=\"next page-numbers\" href=\"https:\/\/neuroforma.com.br\/novo\/wp-json\/wp\/v2\/pages\/7092\/?paged7091=2\"><i class=\"fa fa-angle-right\"><\/i><\/a>\t\t<\/nav>\n\t\t\t\t\t<nav class=\"pcp-post-pagination pcp-on-mobile\">\n\t\t\t<span aria-current=\"page\" class=\"page-numbers current\">1<\/span><a class=\"page-numbers\" href=\"https:\/\/neuroforma.com.br\/novo\/wp-json\/wp\/v2\/pages\/7092\/?paged7091=2\">2<\/a><a class=\"next page-numbers\" href=\"https:\/\/neuroforma.com.br\/novo\/wp-json\/wp\/v2\/pages\/7092\/?paged7091=2\"><i class=\"fa fa-angle-right\"><\/i><\/a>\t\t<\/nav>\n\t\t\t\t<\/div>\n\n","protected":false},"excerpt":{"rendered":"","protected":false},"author":1,"featured_media":0,"parent":0,"menu_order":0,"comment_status":"closed","ping_status":"closed","template":"","meta":{"footnotes":""},"class_list":["post-7092","page","type-page","status-publish","hentry","repupress_customize_woocommerce_productom_class"],"yoast_head":"<!-- This site is optimized with the Yoast SEO plugin v27.2 - https:\/\/yoast.com\/product\/yoast-seo-wordpress\/ -->\n<title>Neuro Blog -<\/title>\n<meta name=\"robots\" content=\"index, follow, max-snippet:-1, max-image-preview:large, max-video-preview:-1\" \/>\n<link rel=\"canonical\" href=\"https:\/\/neuroforma.com.br\/novo\/neuro-blog\/\" \/>\n<meta property=\"og:locale\" content=\"pt_BR\" \/>\n<meta property=\"og:type\" content=\"article\" \/>\n<meta property=\"og:title\" content=\"Neuro Blog -\" \/>\n<meta property=\"og:url\" content=\"https:\/\/neuroforma.com.br\/novo\/neuro-blog\/\" \/>\n<meta property=\"article:modified_time\" content=\"2024-12-03T18:58:16+00:00\" \/>\n<meta name=\"twitter:label1\" content=\"Est. tempo de leitura\" \/>\n\t<meta name=\"twitter:data1\" content=\"1 minuto\" \/>\n<script type=\"application\/ld+json\" class=\"yoast-schema-graph\">{\"@context\":\"https:\/\/schema.org\",\"@graph\":[{\"@type\":\"WebPage\",\"@id\":\"https:\/\/neuroforma.com.br\/novo\/neuro-blog\/\",\"url\":\"https:\/\/neuroforma.com.br\/novo\/neuro-blog\/\",\"name\":\"Neuro Blog -\",\"isPartOf\":{\"@id\":\"https:\/\/neuroforma.com.br\/novo\/#website\"},\"datePublished\":\"2024-12-03T18:52:09+00:00\",\"dateModified\":\"2024-12-03T18:58:16+00:00\",\"breadcrumb\":{\"@id\":\"https:\/\/neuroforma.com.br\/novo\/neuro-blog\/#breadcrumb\"},\"inLanguage\":\"pt-BR\",\"potentialAction\":[{\"@type\":\"ReadAction\",\"target\":[\"https:\/\/neuroforma.com.br\/novo\/neuro-blog\/\"]}]},{\"@type\":\"BreadcrumbList\",\"@id\":\"https:\/\/neuroforma.com.br\/novo\/neuro-blog\/#breadcrumb\",\"itemListElement\":[{\"@type\":\"ListItem\",\"position\":1,\"name\":\"Home\",\"item\":\"https:\/\/neuroforma.com.br\/novo\/\"},{\"@type\":\"ListItem\",\"position\":2,\"name\":\"Neuro Blog\"}]},{\"@type\":\"WebSite\",\"@id\":\"https:\/\/neuroforma.com.br\/novo\/#website\",\"url\":\"https:\/\/neuroforma.com.br\/novo\/\",\"name\":\"\",\"description\":\"\",\"potentialAction\":[{\"@type\":\"SearchAction\",\"target\":{\"@type\":\"EntryPoint\",\"urlTemplate\":\"https:\/\/neuroforma.com.br\/novo\/?s={search_term_string}\"},\"query-input\":{\"@type\":\"PropertyValueSpecification\",\"valueRequired\":true,\"valueName\":\"search_term_string\"}}],\"inLanguage\":\"pt-BR\"}]}<\/script>\n<!-- \/ Yoast SEO plugin. -->","yoast_head_json":{"title":"Neuro Blog -","robots":{"index":"index","follow":"follow","max-snippet":"max-snippet:-1","max-image-preview":"max-image-preview:large","max-video-preview":"max-video-preview:-1"},"canonical":"https:\/\/neuroforma.com.br\/novo\/neuro-blog\/","og_locale":"pt_BR","og_type":"article","og_title":"Neuro Blog -","og_url":"https:\/\/neuroforma.com.br\/novo\/neuro-blog\/","article_modified_time":"2024-12-03T18:58:16+00:00","twitter_misc":{"Est. tempo de leitura":"1 minuto"},"schema":{"@context":"https:\/\/schema.org","@graph":[{"@type":"WebPage","@id":"https:\/\/neuroforma.com.br\/novo\/neuro-blog\/","url":"https:\/\/neuroforma.com.br\/novo\/neuro-blog\/","name":"Neuro Blog -","isPartOf":{"@id":"https:\/\/neuroforma.com.br\/novo\/#website"},"datePublished":"2024-12-03T18:52:09+00:00","dateModified":"2024-12-03T18:58:16+00:00","breadcrumb":{"@id":"https:\/\/neuroforma.com.br\/novo\/neuro-blog\/#breadcrumb"},"inLanguage":"pt-BR","potentialAction":[{"@type":"ReadAction","target":["https:\/\/neuroforma.com.br\/novo\/neuro-blog\/"]}]},{"@type":"BreadcrumbList","@id":"https:\/\/neuroforma.com.br\/novo\/neuro-blog\/#breadcrumb","itemListElement":[{"@type":"ListItem","position":1,"name":"Home","item":"https:\/\/neuroforma.com.br\/novo\/"},{"@type":"ListItem","position":2,"name":"Neuro Blog"}]},{"@type":"WebSite","@id":"https:\/\/neuroforma.com.br\/novo\/#website","url":"https:\/\/neuroforma.com.br\/novo\/","name":"","description":"","potentialAction":[{"@type":"SearchAction","target":{"@type":"EntryPoint","urlTemplate":"https:\/\/neuroforma.com.br\/novo\/?s={search_term_string}"},"query-input":{"@type":"PropertyValueSpecification","valueRequired":true,"valueName":"search_term_string"}}],"inLanguage":"pt-BR"}]}},"_links":{"self":[{"href":"https:\/\/neuroforma.com.br\/novo\/wp-json\/wp\/v2\/pages\/7092","targetHints":{"allow":["GET"]}}],"collection":[{"href":"https:\/\/neuroforma.com.br\/novo\/wp-json\/wp\/v2\/pages"}],"about":[{"href":"https:\/\/neuroforma.com.br\/novo\/wp-json\/wp\/v2\/types\/page"}],"author":[{"embeddable":true,"href":"https:\/\/neuroforma.com.br\/novo\/wp-json\/wp\/v2\/users\/1"}],"replies":[{"embeddable":true,"href":"https:\/\/neuroforma.com.br\/novo\/wp-json\/wp\/v2\/comments?post=7092"}],"version-history":[{"count":2,"href":"https:\/\/neuroforma.com.br\/novo\/wp-json\/wp\/v2\/pages\/7092\/revisions"}],"predecessor-version":[{"id":7095,"href":"https:\/\/neuroforma.com.br\/novo\/wp-json\/wp\/v2\/pages\/7092\/revisions\/7095"}],"wp:attachment":[{"href":"https:\/\/neuroforma.com.br\/novo\/wp-json\/wp\/v2\/media?parent=7092"}],"curies":[{"name":"wp","href":"https:\/\/api.w.org\/{rel}","templated":true}]}}