{"version":"1.0","provider_name":"","provider_url":"https:\/\/neuroforma.com.br\/novo","author_name":"admin","author_url":"https:\/\/neuroforma.com.br\/novo\/author\/admin\/","title":"Mem\u00f3ria coletiva influencia lembran\u00e7as individuais -","type":"rich","width":600,"height":338,"html":"<blockquote class=\"wp-embedded-content\" data-secret=\"qkjgrqX7Hk\"><a href=\"https:\/\/neuroforma.com.br\/novo\/memoria-coletiva-influencia-lembrancas-individuais\/\">Mem\u00f3ria coletiva influencia lembran\u00e7as individuais<\/a><\/blockquote><iframe sandbox=\"allow-scripts\" security=\"restricted\" src=\"https:\/\/neuroforma.com.br\/novo\/memoria-coletiva-influencia-lembrancas-individuais\/embed\/#?secret=qkjgrqX7Hk\" width=\"600\" height=\"338\" title=\"&#8220;Mem\u00f3ria coletiva influencia lembran\u00e7as individuais&#8221; &#8212; \" data-secret=\"qkjgrqX7Hk\" frameborder=\"0\" marginwidth=\"0\" marginheight=\"0\" scrolling=\"no\" class=\"wp-embedded-content\"><\/iframe><script type=\"text\/javascript\">\n\/* <![CDATA[ *\/\n\/*! This file is auto-generated *\/\n!function(d,l){\"use strict\";l.querySelector&&d.addEventListener&&\"undefined\"!=typeof URL&&(d.wp=d.wp||{},d.wp.receiveEmbedMessage||(d.wp.receiveEmbedMessage=function(e){var t=e.data;if((t||t.secret||t.message||t.value)&&!\/[^a-zA-Z0-9]\/.test(t.secret)){for(var s,r,n,a=l.querySelectorAll('iframe[data-secret=\"'+t.secret+'\"]'),o=l.querySelectorAll('blockquote[data-secret=\"'+t.secret+'\"]'),c=new RegExp(\"^https?:$\",\"i\"),i=0;i<o.length;i++)o[i].style.display=\"none\";for(i=0;i<a.length;i++)s=a[i],e.source===s.contentWindow&&(s.removeAttribute(\"style\"),\"height\"===t.message?(1e3<(r=parseInt(t.value,10))?r=1e3:~~r<200&&(r=200),s.height=r):\"link\"===t.message&&(r=new URL(s.getAttribute(\"src\")),n=new URL(t.value),c.test(n.protocol))&&n.host===r.host&&l.activeElement===s&&(d.top.location.href=t.value))}},d.addEventListener(\"message\",d.wp.receiveEmbedMessage,!1),l.addEventListener(\"DOMContentLoaded\",function(){for(var e,t,s=l.querySelectorAll(\"iframe.wp-embedded-content\"),r=0;r<s.length;r++)(t=(e=s[r]).getAttribute(\"data-secret\"))||(t=Math.random().toString(36).substring(2,12),e.src+=\"#?secret=\"+t,e.setAttribute(\"data-secret\",t)),e.contentWindow.postMessage({message:\"ready\",secret:t},\"*\")},!1)))}(window,document);\n\/\/# sourceURL=https:\/\/neuroforma.com.br\/novo\/wp-includes\/js\/wp-embed.min.js\n\/* ]]> *\/\n<\/script>\n","description":"Os soci\u00f3logos h\u00e1 muito enfatizam a influ\u00eancia da mem\u00f3ria coletiva em nossas mem\u00f3rias pessoais, mas, pela primeira vez, pesquisadores da \u00e1rea da neuroci\u00eancia destacaram este v\u00ednculo usando t\u00e9cnicas de imagem cerebral. J\u00e1 \u00e9 poss\u00edvel aprender li\u00e7\u00f5es com o estudo: nenhuma pesquisa sobre o funcionamento de nossas mem\u00f3rias pode ser feita sem levar em conta o &hellip; Continue lendo &rarr;"}